{"id":705,"date":"2023-12-19T19:29:07","date_gmt":"2023-12-19T19:29:07","guid":{"rendered":"https:\/\/specializedbenefits.amplomedia.com\/propriete-partagee-maladie-grave\/"},"modified":"2025-02-27T15:27:40","modified_gmt":"2025-02-27T15:27:40","slug":"propriete-partagee-maladie-grave","status":"publish","type":"page","link":"https:\/\/specializedbenefits.com\/fr\/propriete-partagee-maladie-grave\/","title":{"rendered":"Propri\u00e9t\u00e9 partag\u00e9e Maladie grave"},"content":{"rendered":"\t\t<div data-elementor-type=\"wp-page\" data-elementor-id=\"705\" class=\"elementor elementor-705 elementor-289\" wpc-filter-elementor-widget=\"1\" data-elementor-post-type=\"page\">\n\t\t\t\t<div class=\"elementor-element elementor-element-28bcadc e-flex e-con-boxed e-con e-parent\" data-id=\"28bcadc\" data-element_type=\"container\" data-e-type=\"container\" data-settings=\"{&quot;background_background&quot;:&quot;classic&quot;}\">\n\t\t\t\t\t<div class=\"e-con-inner\">\n\t\t<div class=\"elementor-element elementor-element-b792bcd e-con-full e-flex e-con e-child\" data-id=\"b792bcd\" data-element_type=\"container\" data-e-type=\"container\">\n\t\t\t\t<div class=\"elementor-element elementor-element-c7ae1fd elementor-widget elementor-widget-heading\" data-id=\"c7ae1fd\" data-element_type=\"widget\" data-e-type=\"widget\" data-widget_type=\"heading.default\">\n\t\t\t\t<div class=\"elementor-widget-container\">\n\t\t\t\t\t<h2 class=\"elementor-heading-title elementor-size-default\">Propri\u00e9t\u00e9 partag\u00e9e Maladie grave<\/h2>\t\t\t\t<\/div>\n\t\t\t\t<\/div>\n\t\t\t\t<div class=\"elementor-element elementor-element-dab8bff elementor-widget elementor-widget-text-editor\" data-id=\"dab8bff\" data-element_type=\"widget\" data-e-type=\"widget\" data-widget_type=\"text-editor.default\">\n\t\t\t\t<div class=\"elementor-widget-container\">\n\t\t\t\t\t\t\t\t\t<p>Prot\u00e9gez votre entreprise gr\u00e2ce \u00e0 des prestations sp\u00e9cialis\u00e9es<\/p>\n\t\t\t\t\t\t\t\t<\/div>\n\t\t\t\t<\/div>\n\t\t<div class=\"elementor-element elementor-element-72a7fd6 e-flex e-con-boxed e-con e-child\" data-id=\"72a7fd6\" data-element_type=\"container\" data-e-type=\"container\">\n\t\t\t\t\t<div class=\"e-con-inner\">\n\t\t\t\t<div class=\"elementor-element elementor-element-ca3d5eb elementor-widget elementor-widget-button\" data-id=\"ca3d5eb\" data-element_type=\"widget\" data-e-type=\"widget\" data-widget_type=\"button.default\">\n\t\t\t\t<div class=\"elementor-widget-container\">\n\t\t\t\t\t\t\t\t\t<div class=\"elementor-button-wrapper\">\n\t\t\t\t\t<a class=\"elementor-button elementor-button-link elementor-size-sm\" href=\"https:\/\/specializedbenefits.com\/fr\/nous-contacter\/\">\n\t\t\t\t\t\t<span class=\"elementor-button-content-wrapper\">\n\t\t\t\t\t\t\t\t\t<span class=\"elementor-button-text\">Nous contacter<\/span>\n\t\t\t\t\t<\/span>\n\t\t\t\t\t<\/a>\n\t\t\t\t<\/div>\n\t\t\t\t\t\t\t\t<\/div>\n\t\t\t\t<\/div>\n\t\t\t\t\t<\/div>\n\t\t\t\t<\/div>\n\t\t\t\t<\/div>\n\t\t<div class=\"elementor-element elementor-element-9ed20c3 elementor-hidden-mobile e-flex e-con-boxed e-con e-child\" data-id=\"9ed20c3\" data-element_type=\"container\" data-e-type=\"container\">\n\t\t\t\t\t<div class=\"e-con-inner\">\n\t\t\t\t\t<\/div>\n\t\t\t\t<\/div>\n\t\t\t\t\t<\/div>\n\t\t\t\t<\/div>\n\t\t<div class=\"elementor-element elementor-element-1a4bb8c e-flex e-con-boxed e-con e-parent\" data-id=\"1a4bb8c\" data-element_type=\"container\" data-e-type=\"container\">\n\t\t\t\t\t<div class=\"e-con-inner\">\n\t\t<div class=\"elementor-element elementor-element-c40654d e-con-full e-flex e-con e-child\" data-id=\"c40654d\" data-element_type=\"container\" data-e-type=\"container\">\n\t\t\t\t<div class=\"elementor-element elementor-element-fc4e9cf elementor-widget elementor-widget-heading\" data-id=\"fc4e9cf\" data-element_type=\"widget\" data-e-type=\"widget\" data-widget_type=\"heading.default\">\n\t\t\t\t<div class=\"elementor-widget-container\">\n\t\t\t\t\t<h2 class=\"elementor-heading-title elementor-size-default\"><span style=\"color: #000000\">Relever les d\u00e9fis de la propri\u00e9t\u00e9 partag\u00e9e avec <\/span>\nProtection contre les maladies graves<\/h2>\t\t\t\t<\/div>\n\t\t\t\t<\/div>\n\t\t\t\t<div class=\"elementor-element elementor-element-abe2a06 elementor-widget elementor-widget-text-editor\" data-id=\"abe2a06\" data-element_type=\"widget\" data-e-type=\"widget\" data-widget_type=\"text-editor.default\">\n\t\t\t\t<div class=\"elementor-widget-container\">\n\t\t\t\t\t\t\t\t\t<p>L&rsquo;assurance maladie grave en copropri\u00e9t\u00e9 est votre bouclier contre les impr\u00e9vus. La vie est impr\u00e9visible et, face aux incertitudes, Specialized Benefits vous propose une solution strat\u00e9gique. Imaginez que vous disposiez d&rsquo;un filet de s\u00e9curit\u00e9 qui prot\u00e8ge vos int\u00e9r\u00eats financiers et assure la continuit\u00e9 de vos activit\u00e9s en cas de probl\u00e8mes de sant\u00e9 graves.<\/p>\n<p>Lorsque vous choisissez l&rsquo;assurance maladies graves en propri\u00e9t\u00e9 partag\u00e9e avec Specialized Benefits, vous faites un investissement proactif dans votre bien-\u00eatre et la r\u00e9silience de votre entreprise. Cette approche innovante vous permet de naviguer en toute confiance dans les complexit\u00e9s des structures de propri\u00e9t\u00e9 partag\u00e9e, en vous apportant un soutien financier lorsque vous en avez le plus besoin. Nous comprenons que votre entreprise n&rsquo;est pas seulement une question de marges b\u00e9n\u00e9ficiaires, mais aussi de personnes qui la font avancer. L&rsquo;assurance maladie grave en propri\u00e9t\u00e9 partag\u00e9e est con\u00e7ue pour vous donner les moyens d&rsquo;agir, en vous offrant la tranquillit\u00e9 d&rsquo;esprit et la s\u00e9curit\u00e9 financi\u00e8re, afin que vous puissiez vous concentrer sur ce qui compte le plus &#8211; votre sant\u00e9 et le succ\u00e8s de vos activit\u00e9s en propri\u00e9t\u00e9 partag\u00e9e.<\/p>\n\t\t\t\t\t\t\t\t<\/div>\n\t\t\t\t<\/div>\n\t\t\t\t<div class=\"elementor-element elementor-element-021b269 elementor-mobile-align-center elementor-widget elementor-widget-button\" data-id=\"021b269\" data-element_type=\"widget\" data-e-type=\"widget\" data-widget_type=\"button.default\">\n\t\t\t\t<div class=\"elementor-widget-container\">\n\t\t\t\t\t\t\t\t\t<div class=\"elementor-button-wrapper\">\n\t\t\t\t\t<a class=\"elementor-button elementor-button-link elementor-size-sm\" href=\"https:\/\/specializedbenefits.com\/fr\/nous-contacter\/\">\n\t\t\t\t\t\t<span class=\"elementor-button-content-wrapper\">\n\t\t\t\t\t\t\t\t\t<span class=\"elementor-button-text\">Nous contacter<\/span>\n\t\t\t\t\t<\/span>\n\t\t\t\t\t<\/a>\n\t\t\t\t<\/div>\n\t\t\t\t\t\t\t\t<\/div>\n\t\t\t\t<\/div>\n\t\t\t\t<\/div>\n\t\t<div class=\"elementor-element elementor-element-e6cd545 e-flex e-con-boxed e-con e-child\" data-id=\"e6cd545\" data-element_type=\"container\" data-e-type=\"container\">\n\t\t\t\t\t<div class=\"e-con-inner\">\n\t\t\t\t<div class=\"elementor-element elementor-element-5df1a5c elementor-widget elementor-widget-image\" data-id=\"5df1a5c\" data-element_type=\"widget\" data-e-type=\"widget\" data-widget_type=\"image.default\">\n\t\t\t\t<div class=\"elementor-widget-container\">\n\t\t\t\t\t\t\t\t\t\t\t\t\t\t\t<img fetchpriority=\"high\" decoding=\"async\" width=\"400\" height=\"479\" src=\"https:\/\/specializedbenefits.com\/wp-content\/uploads\/2023\/12\/SB_Shared-Ownership-Critical-Illness_Image-1.jpg\" class=\"attachment-large size-large wp-image-434\" alt=\"A person in a white lab coat holding a clipboard and a pen. Another man&#039;s head is visible in the foreground.\" srcset=\"https:\/\/specializedbenefits.com\/wp-content\/uploads\/2023\/12\/SB_Shared-Ownership-Critical-Illness_Image-1.jpg 400w, https:\/\/specializedbenefits.com\/wp-content\/uploads\/2023\/12\/SB_Shared-Ownership-Critical-Illness_Image-1-251x300.jpg 251w\" sizes=\"(max-width: 400px) 100vw, 400px\" \/>\t\t\t\t\t\t\t\t\t\t\t\t\t\t\t<\/div>\n\t\t\t\t<\/div>\n\t\t\t\t\t<\/div>\n\t\t\t\t<\/div>\n\t\t\t\t\t<\/div>\n\t\t\t\t<\/div>\n\t\t<div class=\"elementor-element elementor-element-9e97af8 e-flex e-con-boxed e-con e-parent\" data-id=\"9e97af8\" data-element_type=\"container\" data-e-type=\"container\">\n\t\t\t\t\t<div class=\"e-con-inner\">\n\t\t<div class=\"elementor-element elementor-element-7f64169 elementor-hidden-mobile e-flex e-con-boxed e-con e-child\" data-id=\"7f64169\" data-element_type=\"container\" data-e-type=\"container\">\n\t\t\t\t\t<div class=\"e-con-inner\">\n\t\t\t\t<div class=\"elementor-element elementor-element-d12e951 elementor-widget elementor-widget-image\" data-id=\"d12e951\" data-element_type=\"widget\" data-e-type=\"widget\" data-widget_type=\"image.default\">\n\t\t\t\t<div class=\"elementor-widget-container\">\n\t\t\t\t\t\t\t\t\t\t\t\t\t\t\t<img decoding=\"async\" width=\"400\" height=\"479\" src=\"https:\/\/specializedbenefits.com\/wp-content\/uploads\/2023\/12\/SB_Shared-Ownership-Critical-Illness_Image-2.jpg\" class=\"attachment-large size-large wp-image-433\" alt=\"A man with glasses dressed as a healthcare worker talks to a man in a hospital gown.\" srcset=\"https:\/\/specializedbenefits.com\/wp-content\/uploads\/2023\/12\/SB_Shared-Ownership-Critical-Illness_Image-2.jpg 400w, https:\/\/specializedbenefits.com\/wp-content\/uploads\/2023\/12\/SB_Shared-Ownership-Critical-Illness_Image-2-251x300.jpg 251w\" sizes=\"(max-width: 400px) 100vw, 400px\" \/>\t\t\t\t\t\t\t\t\t\t\t\t\t\t\t<\/div>\n\t\t\t\t<\/div>\n\t\t\t\t\t<\/div>\n\t\t\t\t<\/div>\n\t\t<div class=\"elementor-element elementor-element-2626fb1 e-con-full e-flex e-con e-child\" data-id=\"2626fb1\" data-element_type=\"container\" data-e-type=\"container\">\n\t\t\t\t<div class=\"elementor-element elementor-element-60f6f96 elementor-widget elementor-widget-heading\" data-id=\"60f6f96\" data-element_type=\"widget\" data-e-type=\"widget\" data-widget_type=\"heading.default\">\n\t\t\t\t<div class=\"elementor-widget-container\">\n\t\t\t\t\t<h2 class=\"elementor-heading-title elementor-size-default\"><span style=\"color: #000000\">Pr\u00e9server <\/span> l'avenir de votre entreprise<\/h2>\t\t\t\t<\/div>\n\t\t\t\t<\/div>\n\t\t\t\t<div class=\"elementor-element elementor-element-15d7c7d elementor-widget elementor-widget-text-editor\" data-id=\"15d7c7d\" data-element_type=\"widget\" data-e-type=\"widget\" data-widget_type=\"text-editor.default\">\n\t\t\t\t<div class=\"elementor-widget-container\">\n\t\t\t\t\t\t\t\t\t<p>B\u00e9n\u00e9ficiez d&rsquo;un niveau de protection unique gr\u00e2ce \u00e0 l&rsquo;assurance contre les maladies graves en copropri\u00e9t\u00e9 de Specialized Benefits. Cette strat\u00e9gie d&rsquo;assurance maladies graves personnalis\u00e9e est \u00e9labor\u00e9e pour vous. Votre entreprise et un actionnaire ou un employ\u00e9 cl\u00e9 s&rsquo;associent pour souscrire une police con\u00e7ue pour r\u00e9pondre sp\u00e9cifiquement \u00e0 vos besoins. Imaginez un accord de collaboration qui d\u00e9finisse vos droits, pr\u00e9cise vos obligations et garantisse le rendement potentiel des primes &#8211; une approche globale adapt\u00e9e \u00e0 vos priorit\u00e9s.<\/p>\n<p>En tant que chef d&rsquo;entreprise, cette strat\u00e9gie vous permet d&rsquo;assurer le financement des op\u00e9rations quotidiennes ou d&rsquo;allouer des salaires suppl\u00e9mentaires aux nouveaux employ\u00e9s, tout en maintenant la productivit\u00e9. Pour les employ\u00e9s cl\u00e9s, il constitue un filet de s\u00e9curit\u00e9 financi\u00e8re, couvrant les frais de sant\u00e9 et de subsistance en cas de maladie grave couverte. Notre approche de la propri\u00e9t\u00e9 partag\u00e9e vise \u00e0 garantir un b\u00e9n\u00e9fice mutuel, en clarifiant les r\u00f4les et les responsabilit\u00e9s de toutes les parties concern\u00e9es.<\/p>\n\t\t\t\t\t\t\t\t<\/div>\n\t\t\t\t<\/div>\n\t\t\t\t<div class=\"elementor-element elementor-element-212db9d elementor-mobile-align-center elementor-widget elementor-widget-button\" data-id=\"212db9d\" data-element_type=\"widget\" data-e-type=\"widget\" data-widget_type=\"button.default\">\n\t\t\t\t<div class=\"elementor-widget-container\">\n\t\t\t\t\t\t\t\t\t<div class=\"elementor-button-wrapper\">\n\t\t\t\t\t<a class=\"elementor-button elementor-button-link elementor-size-sm\" href=\"https:\/\/specializedbenefits.com\/fr\/nous-contacter\/\">\n\t\t\t\t\t\t<span class=\"elementor-button-content-wrapper\">\n\t\t\t\t\t\t\t\t\t<span class=\"elementor-button-text\">Nous contacter<\/span>\n\t\t\t\t\t<\/span>\n\t\t\t\t\t<\/a>\n\t\t\t\t<\/div>\n\t\t\t\t\t\t\t\t<\/div>\n\t\t\t\t<\/div>\n\t\t<div class=\"elementor-element elementor-element-5da9d9e elementor-hidden-desktop elementor-hidden-tablet e-flex e-con-boxed e-con e-child\" data-id=\"5da9d9e\" data-element_type=\"container\" data-e-type=\"container\">\n\t\t\t\t\t<div class=\"e-con-inner\">\n\t\t\t\t<div class=\"elementor-element elementor-element-e7f2c86 elementor-widget elementor-widget-image\" data-id=\"e7f2c86\" data-element_type=\"widget\" data-e-type=\"widget\" data-widget_type=\"image.default\">\n\t\t\t\t<div class=\"elementor-widget-container\">\n\t\t\t\t\t\t\t\t\t\t\t\t\t\t\t<img decoding=\"async\" width=\"400\" height=\"479\" src=\"https:\/\/specializedbenefits.com\/wp-content\/uploads\/2023\/12\/SB_Shared-Ownership-Critical-Illness_Image-2.jpg\" class=\"attachment-large size-large wp-image-433\" alt=\"A man with glasses dressed as a healthcare worker talks to a man in a hospital gown.\" srcset=\"https:\/\/specializedbenefits.com\/wp-content\/uploads\/2023\/12\/SB_Shared-Ownership-Critical-Illness_Image-2.jpg 400w, https:\/\/specializedbenefits.com\/wp-content\/uploads\/2023\/12\/SB_Shared-Ownership-Critical-Illness_Image-2-251x300.jpg 251w\" sizes=\"(max-width: 400px) 100vw, 400px\" \/>\t\t\t\t\t\t\t\t\t\t\t\t\t\t\t<\/div>\n\t\t\t\t<\/div>\n\t\t\t\t\t<\/div>\n\t\t\t\t<\/div>\n\t\t\t\t<\/div>\n\t\t\t\t\t<\/div>\n\t\t\t\t<\/div>\n\t\t<div class=\"elementor-element elementor-element-bcaf004 e-flex e-con-boxed e-con e-parent\" data-id=\"bcaf004\" data-element_type=\"container\" data-e-type=\"container\">\n\t\t\t\t\t<div class=\"e-con-inner\">\n\t\t\t\t<div class=\"elementor-element elementor-element-189c155 elementor-widget elementor-widget-heading\" data-id=\"189c155\" data-element_type=\"widget\" data-e-type=\"widget\" data-widget_type=\"heading.default\">\n\t\t\t\t<div class=\"elementor-widget-container\">\n\t\t\t\t\t<h2 class=\"elementor-heading-title elementor-size-default\">Questions fr\u00e9quemment pos\u00e9es<\/h2>\t\t\t\t<\/div>\n\t\t\t\t<\/div>\n\t\t\t\t<div class=\"elementor-element elementor-element-b39e9d4 elementor-widget elementor-widget-eael-adv-accordion\" data-id=\"b39e9d4\" data-element_type=\"widget\" data-e-type=\"widget\" data-widget_type=\"eael-adv-accordion.default\">\n\t\t\t\t<div class=\"elementor-widget-container\">\n\t\t\t\t\t            <div class=\"eael-adv-accordion\" id=\"eael-adv-accordion-b39e9d4\" data-scroll-on-click=\"no\" data-scroll-speed=\"300\" data-accordion-id=\"b39e9d4\" data-accordion-type=\"accordion\" data-toogle-speed=\"300\">\n            <div class=\"eael-accordion-list\">\n\t\t\t\t\t<div id=\"quest-ce-que-lassurance-maladies-redoutes-mr-en-coproprit-avec-remboursement-des-primes-\" class=\"elementor-tab-title eael-accordion-header\" tabindex=\"0\" data-tab=\"1\" aria-controls=\"elementor-tab-content-1881\"><span class=\"eael-accordion-tab-title\">Qu'est-ce que l'assurance maladies redout\u00e9es (MR) en copropri\u00e9t\u00e9 avec remboursement des primes ?<\/span><i aria-hidden=\"true\" class=\"fa-toggle fas fa-caret-right\"><\/i><\/div><div id=\"elementor-tab-content-1881\" class=\"eael-accordion-content clearfix\" data-tab=\"1\" aria-labelledby=\"quest-ce-que-lassurance-maladies-redoutes-mr-en-coproprit-avec-remboursement-des-primes-\"><p>L&rsquo;IC en propri\u00e9t\u00e9 partag\u00e9e est une collaboration strat\u00e9gique entre une entreprise et un actionnaire ou un employ\u00e9 cl\u00e9. Ensemble, ils souscrivent une police CI Protect Plus, cr\u00e9ant ainsi un accord formel qui d\u00e9crit la propri\u00e9t\u00e9, les droits, les obligations et les remboursements potentiels des primes.<\/p>\n<\/div>\n\t\t\t\t\t<\/div><div class=\"eael-accordion-list\">\n\t\t\t\t\t<div id=\"a-qui-sadresse-la-stratgie-ci-pour-la-proprit-partage-\" class=\"elementor-tab-title eael-accordion-header\" tabindex=\"0\" data-tab=\"2\" aria-controls=\"elementor-tab-content-1882\"><span class=\"eael-accordion-tab-title\">A qui s'adresse la strat\u00e9gie CI pour la propri\u00e9t\u00e9 partag\u00e9e ?<\/span><i aria-hidden=\"true\" class=\"fa-toggle fas fa-caret-right\"><\/i><\/div><div id=\"elementor-tab-content-1882\" class=\"eael-accordion-content clearfix\" data-tab=\"2\" aria-labelledby=\"a-qui-sadresse-la-stratgie-ci-pour-la-proprit-partage-\"><p>Cette strat\u00e9gie s&rsquo;adresse aux propri\u00e9taires de petites entreprises et aux employ\u00e9s cl\u00e9s qui recherchent une protection contre les maladies graves. Il sert de filet de s\u00e9curit\u00e9 financi\u00e8re pour les d\u00e9penses quotidiennes de l&rsquo;entreprise, de compl\u00e9ment de salaire pour les nouveaux embauch\u00e9s et de couverture des frais de sant\u00e9 et de subsistance en cas de maladie grave couverte.<\/p>\n<\/div>\n\t\t\t\t\t<\/div><div class=\"eael-accordion-list\">\n\t\t\t\t\t<div id=\"comment-fonctionne-laccord-\" class=\"elementor-tab-title eael-accordion-header\" tabindex=\"0\" data-tab=\"3\" aria-controls=\"elementor-tab-content-1883\"><span class=\"eael-accordion-tab-title\">Comment fonctionne l'accord ?<\/span><i aria-hidden=\"true\" class=\"fa-toggle fas fa-caret-right\"><\/i><\/div><div id=\"elementor-tab-content-1883\" class=\"eael-accordion-content clearfix\" data-tab=\"3\" aria-labelledby=\"comment-fonctionne-laccord-\"><p>L&rsquo;accord formel d\u00e9taille les droits, les obligations et les avantages pour chaque partie concern\u00e9e. Il r\u00e9partit le co\u00fbt de la police, d\u00e9crit les sc\u00e9narios de rachat et de changement de propri\u00e9taire et garantit la clart\u00e9 des r\u00f4les et des responsabilit\u00e9s.<\/p>\n<\/div>\n\t\t\t\t\t<\/div><div class=\"eael-accordion-list\">\n\t\t\t\t\t<div id=\"quels-sont-les-avantages-pour-les-propritaires-de-petites-entreprises-\" class=\"elementor-tab-title eael-accordion-header\" tabindex=\"0\" data-tab=\"4\" aria-controls=\"elementor-tab-content-1884\"><span class=\"eael-accordion-tab-title\">Quels sont les avantages pour les propri\u00e9taires de petites entreprises ?<\/span><i aria-hidden=\"true\" class=\"fa-toggle fas fa-caret-right\"><\/i><\/div><div id=\"elementor-tab-content-1884\" class=\"eael-accordion-content clearfix\" data-tab=\"4\" aria-labelledby=\"quels-sont-les-avantages-pour-les-propritaires-de-petites-entreprises-\"><p>Les propri\u00e9taires de petites entreprises peuvent assurer le financement de leurs activit\u00e9s quotidiennes, allouer des salaires suppl\u00e9mentaires aux nouveaux employ\u00e9s et maintenir leur productivit\u00e9 gr\u00e2ce au filet de s\u00e9curit\u00e9 financier fourni par la strat\u00e9gie de l&rsquo;IC pour la propri\u00e9t\u00e9 partag\u00e9e.<\/p>\n<\/div>\n\t\t\t\t\t<\/div><div class=\"eael-accordion-list\">\n\t\t\t\t\t<div id=\"quels-sont-les-avantages-pour-les-employs-cls-\" class=\"elementor-tab-title eael-accordion-header\" tabindex=\"0\" data-tab=\"5\" aria-controls=\"elementor-tab-content-1885\"><span class=\"eael-accordion-tab-title\">Quels sont les avantages pour les employ\u00e9s cl\u00e9s ?<\/span><i aria-hidden=\"true\" class=\"fa-toggle fas fa-caret-right\"><\/i><\/div><div id=\"elementor-tab-content-1885\" class=\"eael-accordion-content clearfix\" data-tab=\"5\" aria-labelledby=\"quels-sont-les-avantages-pour-les-employs-cls-\"><p>Les employ\u00e9s cl\u00e9s b\u00e9n\u00e9ficient d&rsquo;un filet de s\u00e9curit\u00e9 financi\u00e8re qui couvre les frais de sant\u00e9 et de subsistance en cas de maladie grave couverte. Cette strat\u00e9gie garantit un b\u00e9n\u00e9fice mutuel \u00e0 toutes les parties concern\u00e9es.<\/p>\n<\/div>\n\t\t\t\t\t<\/div><div class=\"eael-accordion-list\">\n\t\t\t\t\t<div id=\"un-conseil-juridique-et-fiscal-indpendant-est-il-recommand-\" class=\"elementor-tab-title eael-accordion-header\" tabindex=\"0\" data-tab=\"6\" aria-controls=\"elementor-tab-content-1886\"><span class=\"eael-accordion-tab-title\">Un conseil juridique et fiscal ind\u00e9pendant est-il recommand\u00e9 ?<\/span><i aria-hidden=\"true\" class=\"fa-toggle fas fa-caret-right\"><\/i><\/div><div id=\"elementor-tab-content-1886\" class=\"eael-accordion-content clearfix\" data-tab=\"6\" aria-labelledby=\"un-conseil-juridique-et-fiscal-indpendant-est-il-recommand-\"><p>Oui, avant de s&rsquo;engager dans cette strat\u00e9gie, il est prudent pour toutes les parties int\u00e9ress\u00e9es de demander des conseils juridiques et fiscaux ind\u00e9pendants. Cela garantit une approche s\u00fbre et bien inform\u00e9e de la protection de votre avenir avec les Specialized Benefits.<\/p>\n<\/div>\n\t\t\t\t\t<\/div><\/div>\t\t\t\t<\/div>\n\t\t\t\t<\/div>\n\t\t\t\t\t<\/div>\n\t\t\t\t<\/div>\n\t\t<div class=\"elementor-element elementor-element-b70f4f0 e-flex e-con-boxed e-con e-parent\" data-id=\"b70f4f0\" data-element_type=\"container\" data-e-type=\"container\" data-settings=\"{&quot;background_background&quot;:&quot;classic&quot;}\">\n\t\t\t\t\t<div class=\"e-con-inner\">\n\t\t<div class=\"elementor-element elementor-element-f5bfc26 e-flex e-con-boxed e-con e-child\" data-id=\"f5bfc26\" data-element_type=\"container\" data-e-type=\"container\">\n\t\t\t\t\t<div class=\"e-con-inner\">\n\t\t\t\t<div class=\"elementor-element elementor-element-2d470df elementor-widget elementor-widget-heading\" data-id=\"2d470df\" data-element_type=\"widget\" data-e-type=\"widget\" data-widget_type=\"heading.default\">\n\t\t\t\t<div class=\"elementor-widget-container\">\n\t\t\t\t\t<h2 class=\"elementor-heading-title elementor-size-default\">Comment la propri\u00e9t\u00e9 partag\u00e9e peut-elle renforcer votre entreprise ? \n<\/br><\/h2>\t\t\t\t<\/div>\n\t\t\t\t<\/div>\n\t\t<div class=\"elementor-element elementor-element-0d5fec1 e-flex e-con-boxed e-con e-child\" data-id=\"0d5fec1\" data-element_type=\"container\" data-e-type=\"container\">\n\t\t\t\t\t<div class=\"e-con-inner\">\n\t\t<div class=\"elementor-element elementor-element-decb416 e-flex e-con-boxed e-con e-child\" data-id=\"decb416\" data-element_type=\"container\" data-e-type=\"container\">\n\t\t\t\t\t<div class=\"e-con-inner\">\n\t\t\t\t<div class=\"elementor-element elementor-element-f23f06f elementor-widget__width-initial elementor-widget elementor-widget-heading\" data-id=\"f23f06f\" data-element_type=\"widget\" data-e-type=\"widget\" data-widget_type=\"heading.default\">\n\t\t\t\t<div class=\"elementor-widget-container\">\n\t\t\t\t\t<h2 class=\"elementor-heading-title elementor-size-default\">Protection financi\u00e8re strat\u00e9gique<\/h2>\t\t\t\t<\/div>\n\t\t\t\t<\/div>\n\t\t\t\t<div class=\"elementor-element elementor-element-e334b87 elementor-widget-divider--view-line elementor-widget elementor-widget-divider\" data-id=\"e334b87\" data-element_type=\"widget\" data-e-type=\"widget\" data-widget_type=\"divider.default\">\n\t\t\t\t<div class=\"elementor-widget-container\">\n\t\t\t\t\t\t\t<div class=\"elementor-divider\">\n\t\t\t<span class=\"elementor-divider-separator\">\n\t\t\t\t\t\t<\/span>\n\t\t<\/div>\n\t\t\t\t\t\t<\/div>\n\t\t\t\t<\/div>\n\t\t\t\t<div class=\"elementor-element elementor-element-28425d8 elementor-widget elementor-widget-text-editor\" data-id=\"28425d8\" data-element_type=\"widget\" data-e-type=\"widget\" data-widget_type=\"text-editor.default\">\n\t\t\t\t<div class=\"elementor-widget-container\">\n\t\t\t\t\t\t\t\t\t<p>Assurez la stabilit\u00e9 financi\u00e8re de votre entreprise gr\u00e2ce \u00e0 un accord formel. L&rsquo;assurance contre les maladies graves en copropri\u00e9t\u00e9 agit comme un filet de s\u00e9curit\u00e9 financier, couvrant les d\u00e9penses quotidiennes et assurant la continuit\u00e9 en cas de difficult\u00e9s impr\u00e9vues.<\/p>\n\t\t\t\t\t\t\t\t<\/div>\n\t\t\t\t<\/div>\n\t\t\t\t\t<\/div>\n\t\t\t\t<\/div>\n\t\t<div class=\"elementor-element elementor-element-5deff31 e-flex e-con-boxed e-con e-child\" data-id=\"5deff31\" data-element_type=\"container\" data-e-type=\"container\">\n\t\t\t\t\t<div class=\"e-con-inner\">\n\t\t\t\t<div class=\"elementor-element elementor-element-fbd40e4 elementor-widget__width-initial elementor-widget elementor-widget-heading\" data-id=\"fbd40e4\" data-element_type=\"widget\" data-e-type=\"widget\" data-widget_type=\"heading.default\">\n\t\t\t\t<div class=\"elementor-widget-container\">\n\t\t\t\t\t<h2 class=\"elementor-heading-title elementor-size-default\">Adapt\u00e9 aux propri\u00e9taires de petites entreprises<\/h2>\t\t\t\t<\/div>\n\t\t\t\t<\/div>\n\t\t\t\t<div class=\"elementor-element elementor-element-e02132f elementor-widget-divider--view-line elementor-widget elementor-widget-divider\" data-id=\"e02132f\" data-element_type=\"widget\" data-e-type=\"widget\" data-widget_type=\"divider.default\">\n\t\t\t\t<div class=\"elementor-widget-container\">\n\t\t\t\t\t\t\t<div class=\"elementor-divider\">\n\t\t\t<span class=\"elementor-divider-separator\">\n\t\t\t\t\t\t<\/span>\n\t\t<\/div>\n\t\t\t\t\t\t<\/div>\n\t\t\t\t<\/div>\n\t\t\t\t<div class=\"elementor-element elementor-element-6fbdcee elementor-widget elementor-widget-text-editor\" data-id=\"6fbdcee\" data-element_type=\"widget\" data-e-type=\"widget\" data-widget_type=\"text-editor.default\">\n\t\t\t\t<div class=\"elementor-widget-container\">\n\t\t\t\t\t\t\t\t\t<p><span style=\"font-weight: 400;\">Sp\u00e9cialement con\u00e7ue pour les propri\u00e9taires de petites entreprises, cette strat\u00e9gie offre une protection essentielle. Elle permet de financer les d\u00e9penses op\u00e9rationnelles et les salaires suppl\u00e9mentaires des nouveaux employ\u00e9s et de pr\u00e9server la productivit\u00e9 de votre entreprise en cas de maladie grave.<\/span><\/p>\n\t\t\t\t\t\t\t\t<\/div>\n\t\t\t\t<\/div>\n\t\t\t\t\t<\/div>\n\t\t\t\t<\/div>\n\t\t<div class=\"elementor-element elementor-element-c2f4aba e-flex e-con-boxed e-con e-child\" data-id=\"c2f4aba\" data-element_type=\"container\" data-e-type=\"container\">\n\t\t\t\t\t<div class=\"e-con-inner\">\n\t\t\t\t<div class=\"elementor-element elementor-element-60d02db elementor-widget__width-initial elementor-widget elementor-widget-heading\" data-id=\"60d02db\" data-element_type=\"widget\" data-e-type=\"widget\" data-widget_type=\"heading.default\">\n\t\t\t\t<div class=\"elementor-widget-container\">\n\t\t\t\t\t<h2 class=\"elementor-heading-title elementor-size-default\">Accord de propri\u00e9t\u00e9 formalis\u00e9<\/h2>\t\t\t\t<\/div>\n\t\t\t\t<\/div>\n\t\t\t\t<div class=\"elementor-element elementor-element-8e8ba25 elementor-widget-divider--view-line elementor-widget elementor-widget-divider\" data-id=\"8e8ba25\" data-element_type=\"widget\" data-e-type=\"widget\" data-widget_type=\"divider.default\">\n\t\t\t\t<div class=\"elementor-widget-container\">\n\t\t\t\t\t\t\t<div class=\"elementor-divider\">\n\t\t\t<span class=\"elementor-divider-separator\">\n\t\t\t\t\t\t<\/span>\n\t\t<\/div>\n\t\t\t\t\t\t<\/div>\n\t\t\t\t<\/div>\n\t\t\t\t<div class=\"elementor-element elementor-element-282d8b8 elementor-widget elementor-widget-text-editor\" data-id=\"282d8b8\" data-element_type=\"widget\" data-e-type=\"widget\" data-widget_type=\"text-editor.default\">\n\t\t\t\t<div class=\"elementor-widget-container\">\n\t\t\t\t\t\t\t\t\t<p>Avec un accord formel clairement d\u00e9fini, vous \u00e9tablirez les droits de propri\u00e9t\u00e9, les obligations et les avantages pour chaque partie concern\u00e9e. Il garantit la transparence et d\u00e9finit les sc\u00e9narios de rachat, de changement de propri\u00e9taire et de remboursement potentiel des primes.<\/p>\n\t\t\t\t\t\t\t\t<\/div>\n\t\t\t\t<\/div>\n\t\t\t\t\t<\/div>\n\t\t\t\t<\/div>\n\t\t\t\t\t<\/div>\n\t\t\t\t<\/div>\n\t\t<div class=\"elementor-element elementor-element-e56655f e-flex e-con-boxed e-con e-child\" data-id=\"e56655f\" data-element_type=\"container\" data-e-type=\"container\">\n\t\t\t\t\t<div class=\"e-con-inner\">\n\t\t<div class=\"elementor-element elementor-element-aa4ae5c e-flex e-con-boxed e-con e-child\" data-id=\"aa4ae5c\" data-element_type=\"container\" data-e-type=\"container\">\n\t\t\t\t\t<div class=\"e-con-inner\">\n\t\t\t\t<div class=\"elementor-element elementor-element-dd09232 elementor-widget__width-initial elementor-widget elementor-widget-heading\" data-id=\"dd09232\" data-element_type=\"widget\" data-e-type=\"widget\" data-widget_type=\"heading.default\">\n\t\t\t\t<div class=\"elementor-widget-container\">\n\t\t\t\t\t<h2 class=\"elementor-heading-title elementor-size-default\">Soutenir les employ\u00e9s cl\u00e9s<\/h2>\t\t\t\t<\/div>\n\t\t\t\t<\/div>\n\t\t\t\t<div class=\"elementor-element elementor-element-cc74b57 elementor-widget-divider--view-line elementor-widget elementor-widget-divider\" data-id=\"cc74b57\" data-element_type=\"widget\" data-e-type=\"widget\" data-widget_type=\"divider.default\">\n\t\t\t\t<div class=\"elementor-widget-container\">\n\t\t\t\t\t\t\t<div class=\"elementor-divider\">\n\t\t\t<span class=\"elementor-divider-separator\">\n\t\t\t\t\t\t<\/span>\n\t\t<\/div>\n\t\t\t\t\t\t<\/div>\n\t\t\t\t<\/div>\n\t\t\t\t<div class=\"elementor-element elementor-element-850e432 elementor-widget elementor-widget-text-editor\" data-id=\"850e432\" data-element_type=\"widget\" data-e-type=\"widget\" data-widget_type=\"text-editor.default\">\n\t\t\t\t<div class=\"elementor-widget-container\">\n\t\t\t\t\t\t\t\t\t<p>Donnez un coup de pouce \u00e0 vos employ\u00e9s cl\u00e9s en leur offrant un filet de s\u00e9curit\u00e9 pour les frais de sant\u00e9 et de subsistance en cas de maladies graves couvertes. La strat\u00e9gie de propri\u00e9t\u00e9 partag\u00e9e CI assure le bien-\u00eatre des membres cl\u00e9s de votre \u00e9quipe et favorise un environnement de travail positif.<\/p>\n\t\t\t\t\t\t\t\t<\/div>\n\t\t\t\t<\/div>\n\t\t\t\t\t<\/div>\n\t\t\t\t<\/div>\n\t\t<div class=\"elementor-element elementor-element-b068bff e-flex e-con-boxed e-con e-child\" data-id=\"b068bff\" data-element_type=\"container\" data-e-type=\"container\">\n\t\t\t\t\t<div class=\"e-con-inner\">\n\t\t\t\t<div class=\"elementor-element elementor-element-3e17901 elementor-widget__width-initial elementor-widget elementor-widget-heading\" data-id=\"3e17901\" data-element_type=\"widget\" data-e-type=\"widget\" data-widget_type=\"heading.default\">\n\t\t\t\t<div class=\"elementor-widget-container\">\n\t\t\t\t\t<h2 class=\"elementor-heading-title elementor-size-default\">B\u00e9n\u00e9fices mutuels<\/h2>\t\t\t\t<\/div>\n\t\t\t\t<\/div>\n\t\t\t\t<div class=\"elementor-element elementor-element-ca7a748 elementor-widget-divider--view-line elementor-widget elementor-widget-divider\" data-id=\"ca7a748\" data-element_type=\"widget\" data-e-type=\"widget\" data-widget_type=\"divider.default\">\n\t\t\t\t<div class=\"elementor-widget-container\">\n\t\t\t\t\t\t\t<div class=\"elementor-divider\">\n\t\t\t<span class=\"elementor-divider-separator\">\n\t\t\t\t\t\t<\/span>\n\t\t<\/div>\n\t\t\t\t\t\t<\/div>\n\t\t\t\t<\/div>\n\t\t\t\t<div class=\"elementor-element elementor-element-a14b9ca elementor-widget elementor-widget-text-editor\" data-id=\"a14b9ca\" data-element_type=\"widget\" data-e-type=\"widget\" data-widget_type=\"text-editor.default\">\n\t\t\t\t<div class=\"elementor-widget-container\">\n\t\t\t\t\t\t\t\t\t<p>L&rsquo;assurance MR en copropri\u00e9t\u00e9 est une solution avantageuse \u00e0 la fois pour l&rsquo;entreprise et pour l&rsquo;actionnaire ou l&#8217;employ\u00e9 cl\u00e9. Il cr\u00e9e un arrangement mutuellement b\u00e9n\u00e9fique, alignant les int\u00e9r\u00eats de toutes les parties concern\u00e9es et favorisant un sentiment de s\u00e9curit\u00e9 et de collaboration.<\/p>\n\t\t\t\t\t\t\t\t<\/div>\n\t\t\t\t<\/div>\n\t\t\t\t\t<\/div>\n\t\t\t\t<\/div>\n\t\t<div class=\"elementor-element elementor-element-01ae14d e-flex e-con-boxed e-con e-child\" data-id=\"01ae14d\" data-element_type=\"container\" data-e-type=\"container\">\n\t\t\t\t\t<div class=\"e-con-inner\">\n\t\t\t\t<div class=\"elementor-element elementor-element-ee56d29 elementor-widget__width-initial elementor-widget elementor-widget-heading\" data-id=\"ee56d29\" data-element_type=\"widget\" data-e-type=\"widget\" data-widget_type=\"heading.default\">\n\t\t\t\t<div class=\"elementor-widget-container\">\n\t\t\t\t\t<h2 class=\"elementor-heading-title elementor-size-default\">Une planification financi\u00e8re prudente<\/h2>\t\t\t\t<\/div>\n\t\t\t\t<\/div>\n\t\t\t\t<div class=\"elementor-element elementor-element-18d1cbe elementor-widget-divider--view-line elementor-widget elementor-widget-divider\" data-id=\"18d1cbe\" data-element_type=\"widget\" data-e-type=\"widget\" data-widget_type=\"divider.default\">\n\t\t\t\t<div class=\"elementor-widget-container\">\n\t\t\t\t\t\t\t<div class=\"elementor-divider\">\n\t\t\t<span class=\"elementor-divider-separator\">\n\t\t\t\t\t\t<\/span>\n\t\t<\/div>\n\t\t\t\t\t\t<\/div>\n\t\t\t\t<\/div>\n\t\t\t\t<div class=\"elementor-element elementor-element-fda1a61 elementor-widget elementor-widget-text-editor\" data-id=\"fda1a61\" data-element_type=\"widget\" data-e-type=\"widget\" data-widget_type=\"text-editor.default\">\n\t\t\t\t<div class=\"elementor-widget-container\">\n\t\t\t\t\t\t\t\t\t<p>Privil\u00e9giez une planification financi\u00e8re prudente en sollicitant des conseils juridiques et fiscaux avant de vous lancer dans cette strat\u00e9gie. Cela vous permet de prendre des d\u00e9cisions en connaissance de cause, de vous aligner sur vos objectifs financiers \u00e0 long terme et d&rsquo;assurer un avenir stable \u00e0 votre entreprise et \u00e0 votre personnel cl\u00e9.<\/p>\n\t\t\t\t\t\t\t\t<\/div>\n\t\t\t\t<\/div>\n\t\t\t\t\t<\/div>\n\t\t\t\t<\/div>\n\t\t\t\t\t<\/div>\n\t\t\t\t<\/div>\n\t\t\t\t\t<\/div>\n\t\t\t\t<\/div>\n\t\t\t\t\t<\/div>\n\t\t\t\t<\/div>\n\t\t<div class=\"elementor-element elementor-element-50b315d e-flex e-con-boxed e-con e-parent\" data-id=\"50b315d\" data-element_type=\"container\" data-e-type=\"container\">\n\t\t\t\t\t<div class=\"e-con-inner\">\n\t\t\t\t<div class=\"elementor-element elementor-element-07529d3 elementor-widget__width-initial elementor-widget elementor-widget-heading\" data-id=\"07529d3\" data-element_type=\"widget\" data-e-type=\"widget\" data-widget_type=\"heading.default\">\n\t\t\t\t<div class=\"elementor-widget-container\">\n\t\t\t\t\t<h2 class=\"elementor-heading-title elementor-size-default\"><span style=\"color: #000000\">D\u00e9couvrez l'impact strat\u00e9gique de <\/span>\nShared Ownership Critical Illness (en anglais)<\/h2>\t\t\t\t<\/div>\n\t\t\t\t<\/div>\n\t\t<div class=\"elementor-element elementor-element-77ecf02 e-flex e-con-boxed e-con e-child\" data-id=\"77ecf02\" data-element_type=\"container\" data-e-type=\"container\">\n\t\t\t\t\t<div class=\"e-con-inner\">\n\t\t<div class=\"elementor-element elementor-element-25df410 e-flex e-con-boxed e-con e-child\" data-id=\"25df410\" data-element_type=\"container\" data-e-type=\"container\">\n\t\t\t\t\t<div class=\"e-con-inner\">\n\t\t<div class=\"elementor-element elementor-element-3cd2bab e-flex e-con-boxed e-con e-child\" data-id=\"3cd2bab\" data-element_type=\"container\" data-e-type=\"container\">\n\t\t\t\t\t<div class=\"e-con-inner\">\n\t\t\t\t<div class=\"elementor-element elementor-element-1a14f72 elementor-widget elementor-widget-text-editor\" data-id=\"1a14f72\" data-element_type=\"widget\" data-e-type=\"widget\" data-widget_type=\"text-editor.default\">\n\t\t\t\t<div class=\"elementor-widget-container\">\n\t\t\t\t\t\t\t\t\t<p>Prot\u00e9gez votre entreprise contre l&rsquo;instabilit\u00e9 financi\u00e8re potentielle caus\u00e9e par l&rsquo;absence d&rsquo;un actionnaire ou d&rsquo;un employ\u00e9 cl\u00e9 en raison d&rsquo;une maladie grave.<\/p>\n\t\t\t\t\t\t\t\t<\/div>\n\t\t\t\t<\/div>\n\t\t\t\t<div class=\"elementor-element elementor-element-667674d elementor-widget-divider--view-line elementor-widget elementor-widget-divider\" data-id=\"667674d\" data-element_type=\"widget\" data-e-type=\"widget\" data-widget_type=\"divider.default\">\n\t\t\t\t<div class=\"elementor-widget-container\">\n\t\t\t\t\t\t\t<div class=\"elementor-divider\">\n\t\t\t<span class=\"elementor-divider-separator\">\n\t\t\t\t\t\t<\/span>\n\t\t<\/div>\n\t\t\t\t\t\t<\/div>\n\t\t\t\t<\/div>\n\t\t\t\t\t<\/div>\n\t\t\t\t<\/div>\n\t\t<div class=\"elementor-element elementor-element-574fa58 e-flex e-con-boxed e-con e-child\" data-id=\"574fa58\" data-element_type=\"container\" data-e-type=\"container\">\n\t\t\t\t\t<div class=\"e-con-inner\">\n\t\t\t\t<div class=\"elementor-element elementor-element-6f7ac4f elementor-widget elementor-widget-text-editor\" data-id=\"6f7ac4f\" data-element_type=\"widget\" data-e-type=\"widget\" data-widget_type=\"text-editor.default\">\n\t\t\t\t<div class=\"elementor-widget-container\">\n\t\t\t\t\t\t\t\t\t<p>Prot\u00e9gez les activit\u00e9s de votre entreprise en mettant en place un plan structur\u00e9, garantissant une perturbation minimale en cas de maladie grave touchant un membre essentiel de l&rsquo;\u00e9quipe.<\/p>\n\t\t\t\t\t\t\t\t<\/div>\n\t\t\t\t<\/div>\n\t\t\t\t<div class=\"elementor-element elementor-element-02dbb67 elementor-widget-divider--view-line elementor-widget elementor-widget-divider\" data-id=\"02dbb67\" data-element_type=\"widget\" data-e-type=\"widget\" data-widget_type=\"divider.default\">\n\t\t\t\t<div class=\"elementor-widget-container\">\n\t\t\t\t\t\t\t<div class=\"elementor-divider\">\n\t\t\t<span class=\"elementor-divider-separator\">\n\t\t\t\t\t\t<\/span>\n\t\t<\/div>\n\t\t\t\t\t\t<\/div>\n\t\t\t\t<\/div>\n\t\t\t\t\t<\/div>\n\t\t\t\t<\/div>\n\t\t\t\t\t<\/div>\n\t\t\t\t<\/div>\n\t\t<div class=\"elementor-element elementor-element-92a6ead e-flex e-con-boxed e-con e-child\" data-id=\"92a6ead\" data-element_type=\"container\" data-e-type=\"container\">\n\t\t\t\t\t<div class=\"e-con-inner\">\n\t\t<div class=\"elementor-element elementor-element-bfbee1b e-flex e-con-boxed e-con e-child\" data-id=\"bfbee1b\" data-element_type=\"container\" data-e-type=\"container\">\n\t\t\t\t\t<div class=\"e-con-inner\">\n\t\t\t\t<div class=\"elementor-element elementor-element-6ddec48 elementor-widget elementor-widget-text-editor\" data-id=\"6ddec48\" data-element_type=\"widget\" data-e-type=\"widget\" data-widget_type=\"text-editor.default\">\n\t\t\t\t<div class=\"elementor-widget-container\">\n\t\t\t\t\t\t\t\t\t<p>Assurer une transition en douceur de la direction et de la prise de d\u00e9cision en se pr\u00e9parant \u00e0 l&rsquo;inattendu, en maintenant la stabilit\u00e9 m\u00eame pendant les p\u00e9riodes difficiles.<\/p>\n\t\t\t\t\t\t\t\t<\/div>\n\t\t\t\t<\/div>\n\t\t\t\t<div class=\"elementor-element elementor-element-2bc9e7f elementor-widget-divider--view-line elementor-widget elementor-widget-divider\" data-id=\"2bc9e7f\" data-element_type=\"widget\" data-e-type=\"widget\" data-widget_type=\"divider.default\">\n\t\t\t\t<div class=\"elementor-widget-container\">\n\t\t\t\t\t\t\t<div class=\"elementor-divider\">\n\t\t\t<span class=\"elementor-divider-separator\">\n\t\t\t\t\t\t<\/span>\n\t\t<\/div>\n\t\t\t\t\t\t<\/div>\n\t\t\t\t<\/div>\n\t\t\t\t\t<\/div>\n\t\t\t\t<\/div>\n\t\t<div class=\"elementor-element elementor-element-24d912c e-flex e-con-boxed e-con e-child\" data-id=\"24d912c\" data-element_type=\"container\" data-e-type=\"container\">\n\t\t\t\t\t<div class=\"e-con-inner\">\n\t\t\t\t<div class=\"elementor-element elementor-element-89bfb9f elementor-widget elementor-widget-text-editor\" data-id=\"89bfb9f\" data-element_type=\"widget\" data-e-type=\"widget\" data-widget_type=\"text-editor.default\">\n\t\t\t\t<div class=\"elementor-widget-container\">\n\t\t\t\t\t\t\t\t\t<p>D\u00e9montrez votre engagement en faveur du bien-\u00eatre de vos employ\u00e9s en mettant en place un plan d&rsquo;assurance maladie en copropri\u00e9t\u00e9, qui garantit le soutien financier n\u00e9cessaire pour couvrir les frais de sant\u00e9 et de subsistance.<\/p>\n\t\t\t\t\t\t\t\t<\/div>\n\t\t\t\t<\/div>\n\t\t\t\t<div class=\"elementor-element elementor-element-aa3609d elementor-widget-divider--view-line elementor-widget elementor-widget-divider\" data-id=\"aa3609d\" data-element_type=\"widget\" data-e-type=\"widget\" data-widget_type=\"divider.default\">\n\t\t\t\t<div class=\"elementor-widget-container\">\n\t\t\t\t\t\t\t<div class=\"elementor-divider\">\n\t\t\t<span class=\"elementor-divider-separator\">\n\t\t\t\t\t\t<\/span>\n\t\t<\/div>\n\t\t\t\t\t\t<\/div>\n\t\t\t\t<\/div>\n\t\t\t\t\t<\/div>\n\t\t\t\t<\/div>\n\t\t\t\t\t<\/div>\n\t\t\t\t<\/div>\n\t\t<div class=\"elementor-element elementor-element-d19260b e-flex e-con-boxed e-con e-child\" data-id=\"d19260b\" data-element_type=\"container\" data-e-type=\"container\">\n\t\t\t\t\t<div class=\"e-con-inner\">\n\t\t<div class=\"elementor-element elementor-element-e8c8136 e-flex e-con-boxed e-con e-child\" data-id=\"e8c8136\" data-element_type=\"container\" data-e-type=\"container\">\n\t\t\t\t\t<div class=\"e-con-inner\">\n\t\t\t\t<div class=\"elementor-element elementor-element-9b06f14 elementor-widget elementor-widget-text-editor\" data-id=\"9b06f14\" data-element_type=\"widget\" data-e-type=\"widget\" data-widget_type=\"text-editor.default\">\n\t\t\t\t<div class=\"elementor-widget-container\">\n\t\t\t\t\t\t\t\t\t<p>Fournir un soutien financier pour les d\u00e9penses quotidiennes de l&rsquo;entreprise ou les salaires suppl\u00e9mentaires, en aidant \u00e0 maintenir la productivit\u00e9 et l&rsquo;\u00e9lan en l&rsquo;absence d&rsquo;un collaborateur cl\u00e9.<\/p>\n\t\t\t\t\t\t\t\t<\/div>\n\t\t\t\t<\/div>\n\t\t\t\t<div class=\"elementor-element elementor-element-12b230c elementor-widget-divider--view-line elementor-widget elementor-widget-divider\" data-id=\"12b230c\" data-element_type=\"widget\" data-e-type=\"widget\" data-widget_type=\"divider.default\">\n\t\t\t\t<div class=\"elementor-widget-container\">\n\t\t\t\t\t\t\t<div class=\"elementor-divider\">\n\t\t\t<span class=\"elementor-divider-separator\">\n\t\t\t\t\t\t<\/span>\n\t\t<\/div>\n\t\t\t\t\t\t<\/div>\n\t\t\t\t<\/div>\n\t\t\t\t\t<\/div>\n\t\t\t\t<\/div>\n\t\t<div class=\"elementor-element elementor-element-ae3ce04 e-flex e-con-boxed e-con e-child\" data-id=\"ae3ce04\" data-element_type=\"container\" data-e-type=\"container\">\n\t\t\t\t\t<div class=\"e-con-inner\">\n\t\t\t\t<div class=\"elementor-element elementor-element-f6fee49 elementor-widget elementor-widget-text-editor\" data-id=\"f6fee49\" data-element_type=\"widget\" data-e-type=\"widget\" data-widget_type=\"text-editor.default\">\n\t\t\t\t<div class=\"elementor-widget-container\">\n\t\t\t\t\t\t\t\t\t<p>Favoriser une strat\u00e9gie globale qui profite \u00e0 la fois \u00e0 l&rsquo;entreprise et \u00e0 ses parties prenantes, en promouvant les avantages mutuels et en assurant le succ\u00e8s continu de l&rsquo;entreprise.<\/p>\n\t\t\t\t\t\t\t\t<\/div>\n\t\t\t\t<\/div>\n\t\t\t\t<div class=\"elementor-element elementor-element-08629aa elementor-widget-divider--view-line elementor-widget elementor-widget-divider\" data-id=\"08629aa\" data-element_type=\"widget\" data-e-type=\"widget\" data-widget_type=\"divider.default\">\n\t\t\t\t<div class=\"elementor-widget-container\">\n\t\t\t\t\t\t\t<div class=\"elementor-divider\">\n\t\t\t<span class=\"elementor-divider-separator\">\n\t\t\t\t\t\t<\/span>\n\t\t<\/div>\n\t\t\t\t\t\t<\/div>\n\t\t\t\t<\/div>\n\t\t\t\t\t<\/div>\n\t\t\t\t<\/div>\n\t\t\t\t\t<\/div>\n\t\t\t\t<\/div>\n\t\t\t\t\t<\/div>\n\t\t\t\t<\/div>\n\t\t\t\t\t<\/div>\n\t\t\t\t<\/div>\n\t\t<div class=\"elementor-element elementor-element-9d5f54d e-flex e-con-boxed e-con e-parent\" data-id=\"9d5f54d\" data-element_type=\"container\" data-e-type=\"container\" data-settings=\"{&quot;background_background&quot;:&quot;classic&quot;}\">\n\t\t\t\t\t<div class=\"e-con-inner\">\n\t\t\t\t<div class=\"elementor-element elementor-element-f1214af elementor-widget__width-initial elementor-widget elementor-widget-heading\" data-id=\"f1214af\" data-element_type=\"widget\" data-e-type=\"widget\" data-widget_type=\"heading.default\">\n\t\t\t\t<div class=\"elementor-widget-container\">\n\t\t\t\t\t<h2 class=\"elementor-heading-title elementor-size-default\"><span style=\"color: #000000\">Voyez ce que les autres disent de<\/span>\nSpecialized Benefits<\/h2>\t\t\t\t<\/div>\n\t\t\t\t<\/div>\n\t\t\t\t<div class=\"elementor-element elementor-element-b01e1f8 elementor-testimonial--layout-image_above elementor-testimonial--skin-default elementor-testimonial--align-center elementor-arrows-yes elementor-pagination-type-bullets elementor-widget elementor-widget-testimonial-carousel\" data-id=\"b01e1f8\" data-element_type=\"widget\" data-e-type=\"widget\" data-settings=\"{&quot;show_arrows&quot;:&quot;yes&quot;,&quot;pagination&quot;:&quot;bullets&quot;,&quot;speed&quot;:500,&quot;autoplay&quot;:&quot;yes&quot;,&quot;autoplay_speed&quot;:5000,&quot;loop&quot;:&quot;yes&quot;,&quot;pause_on_hover&quot;:&quot;yes&quot;,&quot;pause_on_interaction&quot;:&quot;yes&quot;,&quot;space_between&quot;:{&quot;unit&quot;:&quot;px&quot;,&quot;size&quot;:10,&quot;sizes&quot;:[]},&quot;space_between_tablet&quot;:{&quot;unit&quot;:&quot;px&quot;,&quot;size&quot;:10,&quot;sizes&quot;:[]},&quot;space_between_mobile&quot;:{&quot;unit&quot;:&quot;px&quot;,&quot;size&quot;:10,&quot;sizes&quot;:[]}}\" data-widget_type=\"testimonial-carousel.default\">\n\t\t\t\t<div class=\"elementor-widget-container\">\n\t\t\t\t\t\t\t\t\t<div class=\"elementor-swiper\">\n\t\t\t\t\t<div class=\"elementor-main-swiper swiper\" role=\"region\" aria-roledescription=\"carousel\" aria-label=\"Diapositives\">\n\t\t\t\t<div class=\"swiper-wrapper\">\n\t\t\t\t\t\t\t\t\t\t\t<div class=\"swiper-slide\" role=\"group\" aria-roledescription=\"slide\">\n\t\t\t\t\t\t\t\t\t<div class=\"elementor-testimonial\">\n\t\t\t\t\t\t\t<div class=\"elementor-testimonial__content\">\n\t\t\t\t\t<div class=\"elementor-testimonial__text\">\n\t\t\t\t\t\t<p>Je suis propri\u00e9taire d'une petite entreprise et j'ai fait appel \u00e0 Rhett pour mes prestations et celles de mes employ\u00e9s. Rhett et son \u00e9quipe sont tr\u00e8s efficaces, tr\u00e8s comp\u00e9tents et ont permis \u00e0 tous les membres de mon \u00e9quipe d'obtenir la couverture qui leur convenait parfaitement ! Nous avons \u00e9t\u00e9 tellement satisfaits que j'ai fait appel \u00e0 eux pour mon assurance-vie et celle de ma femme. A recommander vivement !<\/p>\n\t\t\t\t\t<\/div>\n\t\t\t\t\t<cite class=\"elementor-testimonial__cite\"><span class=\"elementor-testimonial__name\">Michael E.<\/span><\/cite>\t\t\t\t<\/div>\n\t\t\t\t\t\t<div class=\"elementor-testimonial__footer\">\n\t\t\t\t\t\t\t\t\t\t\t<\/div>\n\t\t<\/div>\n\t\t\t\t\t\t\t\t<\/div>\n\t\t\t\t\t\t\t\t\t\t\t<div class=\"swiper-slide\" role=\"group\" aria-roledescription=\"slide\">\n\t\t\t\t\t\t\t\t\t<div class=\"elementor-testimonial\">\n\t\t\t\t\t\t\t<div class=\"elementor-testimonial__content\">\n\t\t\t\t\t<div class=\"elementor-testimonial__text\">\n\t\t\t\t\t\t<p>Le personnel de Specialized Benefits a \u00e9t\u00e9 tr\u00e8s serviable et patient en posant nos questions et en nous guidant dans le processus de recherche de l'option d'assurance vie qui nous convenait le mieux.<\/p>\n\t\t\t\t\t<\/div>\n\t\t\t\t\t<cite class=\"elementor-testimonial__cite\"><span class=\"elementor-testimonial__name\">Trevor T.<\/span><\/cite>\t\t\t\t<\/div>\n\t\t\t\t\t\t<div class=\"elementor-testimonial__footer\">\n\t\t\t\t\t\t\t\t\t\t\t<\/div>\n\t\t<\/div>\n\t\t\t\t\t\t\t\t<\/div>\n\t\t\t\t\t\t\t\t\t\t\t<div class=\"swiper-slide\" role=\"group\" aria-roledescription=\"slide\">\n\t\t\t\t\t\t\t\t\t<div class=\"elementor-testimonial\">\n\t\t\t\t\t\t\t<div class=\"elementor-testimonial__content\">\n\t\t\t\t\t<div class=\"elementor-testimonial__text\">\n\t\t\t\t\t\t<p>Je travaille avec les personnes formidables de Specialized Benefits depuis 8 ans et ils ont toujours d\u00e9pass\u00e9 mes attentes. Ils sont tr\u00e8s professionnels, r\u00e9pondent \u00e0 toutes les questions ou pr\u00e9occupations et expliquent tout ce qu'il faut savoir sur les prestations de groupe et de sant\u00e9, l'assurance vie et l'assurance invalidit\u00e9, et plus encore. Je recommanderais volontiers Rhett et son \u00e9quipe \u00e0 toute ma famille et \u00e0 tous mes amis.<\/p>\n\t\t\t\t\t<\/div>\n\t\t\t\t\t<cite class=\"elementor-testimonial__cite\"><span class=\"elementor-testimonial__name\">Janet Z.<\/span><\/cite>\t\t\t\t<\/div>\n\t\t\t\t\t\t<div class=\"elementor-testimonial__footer\">\n\t\t\t\t\t\t\t\t\t\t\t<\/div>\n\t\t<\/div>\n\t\t\t\t\t\t\t\t<\/div>\n\t\t\t\t\t\t\t\t\t<\/div>\n\t\t\t\t\t\t\t\t\t\t\t\t\t\t\t<div class=\"elementor-swiper-button elementor-swiper-button-prev\" role=\"button\" tabindex=\"0\" aria-label=\"Pr\u00e9c\u00e9dent\">\n\t\t\t\t\t\t\t<i aria-hidden=\"true\" class=\"eicon-chevron-left\"><\/i>\t\t\t\t\t\t<\/div>\n\t\t\t\t\t\t<div class=\"elementor-swiper-button elementor-swiper-button-next\" role=\"button\" tabindex=\"0\" aria-label=\"Suivant\">\n\t\t\t\t\t\t\t<i aria-hidden=\"true\" class=\"eicon-chevron-right\"><\/i>\t\t\t\t\t\t<\/div>\n\t\t\t\t\t\t\t\t\t\t\t\t\t\t\t\t<div class=\"swiper-pagination\"><\/div>\n\t\t\t\t\t\t\t\t\t\t\t\t<\/div>\n\t\t\t\t<\/div>\n\t\t\t\t\t\t\t\t<\/div>\n\t\t\t\t<\/div>\n\t\t\t\t\t<\/div>\n\t\t\t\t<\/div>\n\t\t<div class=\"elementor-element elementor-element-8ff52da e-flex e-con-boxed e-con e-parent\" data-id=\"8ff52da\" data-element_type=\"container\" data-e-type=\"container\">\n\t\t\t\t\t<div class=\"e-con-inner\">\n\t\t<div class=\"elementor-element elementor-element-829e204 e-flex e-con-boxed e-con e-child\" data-id=\"829e204\" data-element_type=\"container\" data-e-type=\"container\">\n\t\t\t\t\t<div class=\"e-con-inner\">\n\t\t<div class=\"elementor-element elementor-element-17959f7 e-flex e-con-boxed e-con e-child\" data-id=\"17959f7\" data-element_type=\"container\" data-e-type=\"container\">\n\t\t\t\t\t<div class=\"e-con-inner\">\n\t\t\t\t<div class=\"elementor-element elementor-element-5a2030e elementor-widget elementor-widget-google_maps\" data-id=\"5a2030e\" data-element_type=\"widget\" data-e-type=\"widget\" data-widget_type=\"google_maps.default\">\n\t\t\t\t<div class=\"elementor-widget-container\">\n\t\t\t\t\t\t\t<div class=\"elementor-custom-embed\">\n\t\t\t<iframe loading=\"lazy\"\n\t\t\t\t\tsrc=\"https:\/\/maps.google.com\/maps?q=2016%20Sherwood%20Dr%2C%20Sherwood%20Park%2C%20AB%20T8A%203X3&#038;t=m&#038;z=10&#038;output=embed&#038;iwloc=near\"\n\t\t\t\t\ttitle=\"2016 Sherwood Dr, Sherwood Park, AB T8A 3X3\"\n\t\t\t\t\taria-label=\"2016 Sherwood Dr, Sherwood Park, AB T8A 3X3\"\n\t\t\t><\/iframe>\n\t\t<\/div>\n\t\t\t\t\t\t<\/div>\n\t\t\t\t<\/div>\n\t\t\t\t\t<\/div>\n\t\t\t\t<\/div>\n\t\t<div class=\"elementor-element elementor-element-d2df75b e-flex e-con-boxed e-con e-child\" data-id=\"d2df75b\" data-element_type=\"container\" data-e-type=\"container\">\n\t\t\t\t\t<div class=\"e-con-inner\">\n\t\t<div class=\"elementor-element elementor-element-57d4878 e-flex e-con-boxed e-con e-child\" data-id=\"57d4878\" data-element_type=\"container\" data-e-type=\"container\">\n\t\t\t\t\t<div class=\"e-con-inner\">\n\t\t\t\t<div class=\"elementor-element elementor-element-9d05e3d elementor-widget elementor-widget-heading\" data-id=\"9d05e3d\" data-element_type=\"widget\" data-e-type=\"widget\" data-widget_type=\"heading.default\">\n\t\t\t\t<div class=\"elementor-widget-container\">\n\t\t\t\t\t<h2 class=\"elementor-heading-title elementor-size-default\">Adresse<\/h2>\t\t\t\t<\/div>\n\t\t\t\t<\/div>\n\t\t\t\t<div class=\"elementor-element elementor-element-903a31c elementor-widget__width-inherit elementor-widget elementor-widget-text-editor\" data-id=\"903a31c\" data-element_type=\"widget\" data-e-type=\"widget\" data-widget_type=\"text-editor.default\">\n\t\t\t\t<div class=\"elementor-widget-container\">\n\t\t\t\t\t\t\t\t\t<p>#15, 2016 Sherwood Drive, Sherwood Park, AB T8A 3X3<\/p>\n\t\t\t\t\t\t\t\t<\/div>\n\t\t\t\t<\/div>\n\t\t\t\t\t<\/div>\n\t\t\t\t<\/div>\n\t\t<div class=\"elementor-element elementor-element-99a7760 e-flex e-con-boxed e-con e-child\" data-id=\"99a7760\" data-element_type=\"container\" data-e-type=\"container\">\n\t\t\t\t\t<div class=\"e-con-inner\">\n\t\t\t\t<div class=\"elementor-element elementor-element-3870a18 elementor-widget elementor-widget-heading\" data-id=\"3870a18\" data-element_type=\"widget\" data-e-type=\"widget\" data-widget_type=\"heading.default\">\n\t\t\t\t<div class=\"elementor-widget-container\">\n\t\t\t\t\t<h2 class=\"elementor-heading-title elementor-size-default\">Contact<\/h2>\t\t\t\t<\/div>\n\t\t\t\t<\/div>\n\t\t\t\t<div class=\"elementor-element elementor-element-f2beb4a elementor-widget__width-inherit elementor-widget elementor-widget-text-editor\" data-id=\"f2beb4a\" data-element_type=\"widget\" data-e-type=\"widget\" data-widget_type=\"text-editor.default\">\n\t\t\t\t<div class=\"elementor-widget-container\">\n\t\t\t\t\t\t\t\t\t<p>T\u00e9l\u00e9phone : 780-416-7911 780-416-7911<br \/>Email:info@specializedbenefits.com<\/p>\n\t\t\t\t\t\t\t\t<\/div>\n\t\t\t\t<\/div>\n\t\t\t\t\t<\/div>\n\t\t\t\t<\/div>\n\t\t<div class=\"elementor-element elementor-element-5d5a736 e-flex e-con-boxed e-con e-child\" data-id=\"5d5a736\" data-element_type=\"container\" data-e-type=\"container\">\n\t\t\t\t\t<div class=\"e-con-inner\">\n\t\t\t\t<div class=\"elementor-element elementor-element-46a94c0 elementor-widget elementor-widget-heading\" data-id=\"46a94c0\" data-element_type=\"widget\" data-e-type=\"widget\" data-widget_type=\"heading.default\">\n\t\t\t\t<div class=\"elementor-widget-container\">\n\t\t\t\t\t<h2 class=\"elementor-heading-title elementor-size-default\">Heures d'ouverture<\/h2>\t\t\t\t<\/div>\n\t\t\t\t<\/div>\n\t\t\t\t<div class=\"elementor-element elementor-element-3fb8144 elementor-widget__width-inherit elementor-widget elementor-widget-text-editor\" data-id=\"3fb8144\" data-element_type=\"widget\" data-e-type=\"widget\" data-widget_type=\"text-editor.default\">\n\t\t\t\t<div class=\"elementor-widget-container\">\n\t\t\t\t\t\t\t\t\t<p>Lundi : 9h00 &#8211; 17h00<br \/>Mardi : 9h00 &#8211; 17h00<br \/>Mercredi : 9h00 &#8211; 17h00<br \/>Jeudi : 9h00 &#8211; 17h00<br \/>Vendredi : 9h00 &#8211; 17h00<br \/>Samedi : Ferm\u00e9<\/p>\n\t\t\t\t\t\t\t\t<\/div>\n\t\t\t\t<\/div>\n\t\t\t\t\t<\/div>\n\t\t\t\t<\/div>\n\t\t\t\t\t<\/div>\n\t\t\t\t<\/div>\n\t\t\t\t\t<\/div>\n\t\t\t\t<\/div>\n\t\t\t\t\t<\/div>\n\t\t\t\t<\/div>\n\t\t<div class=\"elementor-element elementor-element-4b84a0c e-con-full e-flex e-con e-parent\" data-id=\"4b84a0c\" data-element_type=\"container\" data-e-type=\"container\" data-settings=\"{&quot;background_background&quot;:&quot;classic&quot;}\">\n\t\t\t\t<div class=\"elementor-element elementor-element-f9b9262 elementor-widget elementor-widget-image\" data-id=\"f9b9262\" data-element_type=\"widget\" data-e-type=\"widget\" data-widget_type=\"image.default\">\n\t\t\t\t<div class=\"elementor-widget-container\">\n\t\t\t\t\t\t\t\t\t\t\t\t\t\t\t<img decoding=\"async\" width=\"800\" height=\"331\" src=\"https:\/\/specializedbenefits.com\/wp-content\/uploads\/2023\/11\/Footer-Image-1-1024x424.png\" class=\"attachment-large size-large wp-image-415\" alt=\"Man and woman smiling with their arms out in a field. The sun is setting in the distance and a little girl sits on the man&#039;s shoulders\" srcset=\"https:\/\/specializedbenefits.com\/wp-content\/uploads\/2023\/11\/Footer-Image-1-1024x424.png 1024w, https:\/\/specializedbenefits.com\/wp-content\/uploads\/2023\/11\/Footer-Image-1-300x124.png 300w, https:\/\/specializedbenefits.com\/wp-content\/uploads\/2023\/11\/Footer-Image-1-768x318.png 768w, https:\/\/specializedbenefits.com\/wp-content\/uploads\/2023\/11\/Footer-Image-1-1536x636.png 1536w, https:\/\/specializedbenefits.com\/wp-content\/uploads\/2023\/11\/Footer-Image-1-2048x848.png 2048w\" sizes=\"(max-width: 800px) 100vw, 800px\" \/>\t\t\t\t\t\t\t\t\t\t\t\t\t\t\t<\/div>\n\t\t\t\t<\/div>\n\t\t\t\t<\/div>\n\t\t\t\t<\/div>\n\t\t","protected":false},"excerpt":{"rendered":"<p>Propri\u00e9t\u00e9 partag\u00e9e Maladie grave Prot\u00e9gez votre entreprise gr\u00e2ce \u00e0 des prestations sp\u00e9cialis\u00e9es Nous contacter Relever les d\u00e9fis de la propri\u00e9t\u00e9 partag\u00e9e avec Protection contre les maladies graves L&rsquo;assurance maladie grave en copropri\u00e9t\u00e9 est votre bouclier contre les impr\u00e9vus. La vie est impr\u00e9visible et, face aux incertitudes, Specialized Benefits vous propose une solution strat\u00e9gique. Imaginez que [&hellip;]<\/p>\n","protected":false},"author":1,"featured_media":0,"parent":0,"menu_order":0,"comment_status":"closed","ping_status":"closed","template":"","meta":{"footnotes":""},"class_list":["post-705","page","type-page","status-publish","hentry"],"yoast_head":"<!-- This site is optimized with the Yoast SEO plugin v27.4 - https:\/\/yoast.com\/product\/yoast-seo-wordpress\/ -->\n<title>Propri\u00e9t\u00e9 partag\u00e9e Maladie grave - Specialized Benefits<\/title>\n<meta name=\"description\" content=\"Les prestations sp\u00e9cialis\u00e9es peuvent aider les petites entreprises \u00e0 assurer le financement de leurs activit\u00e9s quotidiennes, \u00e0 maintenir leur productivit\u00e9 et \u00e0 faire face aux impr\u00e9vus.\" \/>\n<meta name=\"robots\" content=\"index, follow, max-snippet:-1, max-image-preview:large, max-video-preview:-1\" \/>\n<link rel=\"canonical\" href=\"https:\/\/specializedbenefits.com\/shared-ownership-critical-illness\/\" \/>\n<meta property=\"og:locale\" content=\"fr_FR\" \/>\n<meta property=\"og:type\" content=\"article\" \/>\n<meta property=\"og:title\" content=\"Propri\u00e9t\u00e9 partag\u00e9e Maladie grave - Specialized Benefits\" \/>\n<meta property=\"og:description\" content=\"Les prestations sp\u00e9cialis\u00e9es peuvent aider les petites entreprises \u00e0 assurer le financement de leurs activit\u00e9s quotidiennes, \u00e0 maintenir leur productivit\u00e9 et \u00e0 faire face aux impr\u00e9vus.\" \/>\n<meta property=\"og:url\" content=\"https:\/\/specializedbenefits.com\/shared-ownership-critical-illness\/\" \/>\n<meta property=\"og:site_name\" content=\"Specialized Benefits\" \/>\n<meta property=\"article:modified_time\" content=\"2025-02-27T15:27:40+00:00\" \/>\n<meta property=\"og:image\" content=\"https:\/\/specializedbenefits.com\/wp-content\/uploads\/2023\/12\/SB_Shared-Ownership-Critical-Illness_Image-1.jpg\" \/>\n<meta name=\"twitter:card\" content=\"summary_large_image\" \/>\n<meta name=\"twitter:label1\" content=\"Dur\u00e9e de lecture estim\u00e9e\" \/>\n\t<meta name=\"twitter:data1\" content=\"8 minutes\" \/>\n<script type=\"application\/ld+json\" class=\"yoast-schema-graph\">{\"@context\":\"https:\\\/\\\/schema.org\",\"@graph\":[{\"@type\":\"WebPage\",\"@id\":\"https:\\\/\\\/specializedbenefits.com\\\/shared-ownership-critical-illness\\\/\",\"url\":\"https:\\\/\\\/specializedbenefits.com\\\/shared-ownership-critical-illness\\\/\",\"name\":\"Propri\u00e9t\u00e9 partag\u00e9e Maladie grave - Specialized Benefits\",\"isPartOf\":{\"@id\":\"https:\\\/\\\/specializedbenefits.com\\\/#website\"},\"primaryImageOfPage\":{\"@id\":\"https:\\\/\\\/specializedbenefits.com\\\/shared-ownership-critical-illness\\\/#primaryimage\"},\"image\":{\"@id\":\"https:\\\/\\\/specializedbenefits.com\\\/shared-ownership-critical-illness\\\/#primaryimage\"},\"thumbnailUrl\":\"https:\\\/\\\/specializedbenefits.com\\\/wp-content\\\/uploads\\\/2023\\\/12\\\/SB_Shared-Ownership-Critical-Illness_Image-1.jpg\",\"datePublished\":\"2023-12-19T19:29:07+00:00\",\"dateModified\":\"2025-02-27T15:27:40+00:00\",\"description\":\"Les prestations sp\u00e9cialis\u00e9es peuvent aider les petites entreprises \u00e0 assurer le financement de leurs activit\u00e9s quotidiennes, \u00e0 maintenir leur productivit\u00e9 et \u00e0 faire face aux impr\u00e9vus.\",\"breadcrumb\":{\"@id\":\"https:\\\/\\\/specializedbenefits.com\\\/shared-ownership-critical-illness\\\/#breadcrumb\"},\"inLanguage\":\"fr-FR\",\"potentialAction\":[{\"@type\":\"ReadAction\",\"target\":[\"https:\\\/\\\/specializedbenefits.com\\\/shared-ownership-critical-illness\\\/\"]}]},{\"@type\":\"ImageObject\",\"inLanguage\":\"fr-FR\",\"@id\":\"https:\\\/\\\/specializedbenefits.com\\\/shared-ownership-critical-illness\\\/#primaryimage\",\"url\":\"https:\\\/\\\/specializedbenefits.com\\\/wp-content\\\/uploads\\\/2023\\\/12\\\/SB_Shared-Ownership-Critical-Illness_Image-1.jpg\",\"contentUrl\":\"https:\\\/\\\/specializedbenefits.com\\\/wp-content\\\/uploads\\\/2023\\\/12\\\/SB_Shared-Ownership-Critical-Illness_Image-1.jpg\"},{\"@type\":\"BreadcrumbList\",\"@id\":\"https:\\\/\\\/specializedbenefits.com\\\/shared-ownership-critical-illness\\\/#breadcrumb\",\"itemListElement\":[{\"@type\":\"ListItem\",\"position\":1,\"name\":\"Home\",\"item\":\"https:\\\/\\\/specializedbenefits.com\\\/fr\\\/\"},{\"@type\":\"ListItem\",\"position\":2,\"name\":\"Propri\u00e9t\u00e9 partag\u00e9e Maladie grave\"}]},{\"@type\":\"WebSite\",\"@id\":\"https:\\\/\\\/specializedbenefits.com\\\/#website\",\"url\":\"https:\\\/\\\/specializedbenefits.com\\\/\",\"name\":\"Specialized Benefits\",\"description\":\"\",\"publisher\":{\"@id\":\"https:\\\/\\\/specializedbenefits.com\\\/#organization\"},\"potentialAction\":[{\"@type\":\"SearchAction\",\"target\":{\"@type\":\"EntryPoint\",\"urlTemplate\":\"https:\\\/\\\/specializedbenefits.com\\\/?s={search_term_string}\"},\"query-input\":{\"@type\":\"PropertyValueSpecification\",\"valueRequired\":true,\"valueName\":\"search_term_string\"}}],\"inLanguage\":\"fr-FR\"},{\"@type\":\"Organization\",\"@id\":\"https:\\\/\\\/specializedbenefits.com\\\/#organization\",\"name\":\"Specialized Benefits\",\"url\":\"https:\\\/\\\/specializedbenefits.com\\\/\",\"logo\":{\"@type\":\"ImageObject\",\"inLanguage\":\"fr-FR\",\"@id\":\"https:\\\/\\\/specializedbenefits.com\\\/#\\\/schema\\\/logo\\\/image\\\/\",\"url\":\"https:\\\/\\\/specializedbenefits.com\\\/wp-content\\\/uploads\\\/2023\\\/10\\\/Specialized-Benefits-Black-1.png\",\"contentUrl\":\"https:\\\/\\\/specializedbenefits.com\\\/wp-content\\\/uploads\\\/2023\\\/10\\\/Specialized-Benefits-Black-1.png\",\"width\":318,\"height\":85,\"caption\":\"Specialized Benefits\"},\"image\":{\"@id\":\"https:\\\/\\\/specializedbenefits.com\\\/#\\\/schema\\\/logo\\\/image\\\/\"}}]}<\/script>\n<!-- \/ Yoast SEO plugin. -->","yoast_head_json":{"title":"Propri\u00e9t\u00e9 partag\u00e9e Maladie grave - Specialized Benefits","description":"Les prestations sp\u00e9cialis\u00e9es peuvent aider les petites entreprises \u00e0 assurer le financement de leurs activit\u00e9s quotidiennes, \u00e0 maintenir leur productivit\u00e9 et \u00e0 faire face aux impr\u00e9vus.","robots":{"index":"index","follow":"follow","max-snippet":"max-snippet:-1","max-image-preview":"max-image-preview:large","max-video-preview":"max-video-preview:-1"},"canonical":"https:\/\/specializedbenefits.com\/shared-ownership-critical-illness\/","og_locale":"fr_FR","og_type":"article","og_title":"Propri\u00e9t\u00e9 partag\u00e9e Maladie grave - Specialized Benefits","og_description":"Les prestations sp\u00e9cialis\u00e9es peuvent aider les petites entreprises \u00e0 assurer le financement de leurs activit\u00e9s quotidiennes, \u00e0 maintenir leur productivit\u00e9 et \u00e0 faire face aux impr\u00e9vus.","og_url":"https:\/\/specializedbenefits.com\/shared-ownership-critical-illness\/","og_site_name":"Specialized Benefits","article_modified_time":"2025-02-27T15:27:40+00:00","og_image":[{"url":"https:\/\/specializedbenefits.com\/wp-content\/uploads\/2023\/12\/SB_Shared-Ownership-Critical-Illness_Image-1.jpg","type":"","width":"","height":""}],"twitter_card":"summary_large_image","twitter_misc":{"Dur\u00e9e de lecture estim\u00e9e":"8 minutes"},"schema":{"@context":"https:\/\/schema.org","@graph":[{"@type":"WebPage","@id":"https:\/\/specializedbenefits.com\/shared-ownership-critical-illness\/","url":"https:\/\/specializedbenefits.com\/shared-ownership-critical-illness\/","name":"Propri\u00e9t\u00e9 partag\u00e9e Maladie grave - Specialized Benefits","isPartOf":{"@id":"https:\/\/specializedbenefits.com\/#website"},"primaryImageOfPage":{"@id":"https:\/\/specializedbenefits.com\/shared-ownership-critical-illness\/#primaryimage"},"image":{"@id":"https:\/\/specializedbenefits.com\/shared-ownership-critical-illness\/#primaryimage"},"thumbnailUrl":"https:\/\/specializedbenefits.com\/wp-content\/uploads\/2023\/12\/SB_Shared-Ownership-Critical-Illness_Image-1.jpg","datePublished":"2023-12-19T19:29:07+00:00","dateModified":"2025-02-27T15:27:40+00:00","description":"Les prestations sp\u00e9cialis\u00e9es peuvent aider les petites entreprises \u00e0 assurer le financement de leurs activit\u00e9s quotidiennes, \u00e0 maintenir leur productivit\u00e9 et \u00e0 faire face aux impr\u00e9vus.","breadcrumb":{"@id":"https:\/\/specializedbenefits.com\/shared-ownership-critical-illness\/#breadcrumb"},"inLanguage":"fr-FR","potentialAction":[{"@type":"ReadAction","target":["https:\/\/specializedbenefits.com\/shared-ownership-critical-illness\/"]}]},{"@type":"ImageObject","inLanguage":"fr-FR","@id":"https:\/\/specializedbenefits.com\/shared-ownership-critical-illness\/#primaryimage","url":"https:\/\/specializedbenefits.com\/wp-content\/uploads\/2023\/12\/SB_Shared-Ownership-Critical-Illness_Image-1.jpg","contentUrl":"https:\/\/specializedbenefits.com\/wp-content\/uploads\/2023\/12\/SB_Shared-Ownership-Critical-Illness_Image-1.jpg"},{"@type":"BreadcrumbList","@id":"https:\/\/specializedbenefits.com\/shared-ownership-critical-illness\/#breadcrumb","itemListElement":[{"@type":"ListItem","position":1,"name":"Home","item":"https:\/\/specializedbenefits.com\/fr\/"},{"@type":"ListItem","position":2,"name":"Propri\u00e9t\u00e9 partag\u00e9e Maladie grave"}]},{"@type":"WebSite","@id":"https:\/\/specializedbenefits.com\/#website","url":"https:\/\/specializedbenefits.com\/","name":"Specialized Benefits","description":"","publisher":{"@id":"https:\/\/specializedbenefits.com\/#organization"},"potentialAction":[{"@type":"SearchAction","target":{"@type":"EntryPoint","urlTemplate":"https:\/\/specializedbenefits.com\/?s={search_term_string}"},"query-input":{"@type":"PropertyValueSpecification","valueRequired":true,"valueName":"search_term_string"}}],"inLanguage":"fr-FR"},{"@type":"Organization","@id":"https:\/\/specializedbenefits.com\/#organization","name":"Specialized Benefits","url":"https:\/\/specializedbenefits.com\/","logo":{"@type":"ImageObject","inLanguage":"fr-FR","@id":"https:\/\/specializedbenefits.com\/#\/schema\/logo\/image\/","url":"https:\/\/specializedbenefits.com\/wp-content\/uploads\/2023\/10\/Specialized-Benefits-Black-1.png","contentUrl":"https:\/\/specializedbenefits.com\/wp-content\/uploads\/2023\/10\/Specialized-Benefits-Black-1.png","width":318,"height":85,"caption":"Specialized Benefits"},"image":{"@id":"https:\/\/specializedbenefits.com\/#\/schema\/logo\/image\/"}}]}},"_links":{"self":[{"href":"https:\/\/specializedbenefits.com\/fr\/wp-json\/wp\/v2\/pages\/705","targetHints":{"allow":["GET"]}}],"collection":[{"href":"https:\/\/specializedbenefits.com\/fr\/wp-json\/wp\/v2\/pages"}],"about":[{"href":"https:\/\/specializedbenefits.com\/fr\/wp-json\/wp\/v2\/types\/page"}],"author":[{"embeddable":true,"href":"https:\/\/specializedbenefits.com\/fr\/wp-json\/wp\/v2\/users\/1"}],"replies":[{"embeddable":true,"href":"https:\/\/specializedbenefits.com\/fr\/wp-json\/wp\/v2\/comments?post=705"}],"version-history":[{"count":0,"href":"https:\/\/specializedbenefits.com\/fr\/wp-json\/wp\/v2\/pages\/705\/revisions"}],"wp:attachment":[{"href":"https:\/\/specializedbenefits.com\/fr\/wp-json\/wp\/v2\/media?parent=705"}],"curies":[{"name":"wp","href":"https:\/\/api.w.org\/{rel}","templated":true}]}}